{"id":58,"date":"2012-11-29T22:27:18","date_gmt":"2012-11-29T20:27:18","guid":{"rendered":"http:\/\/www.kg-stuttgart.de\/wpress\/?page_id=58"},"modified":"2025-10-30T14:17:08","modified_gmt":"2025-10-30T13:17:08","slug":"kajak-kurse","status":"publish","type":"page","link":"https:\/\/www.kg-stuttgart.de\/?page_id=58","title":{"rendered":"Kajak-Kurse"},"content":{"rendered":"<p>Anf\u00e4ngerkurs (A \u2013 Kurs f\u00fcr Erwachsene)<\/p>\n<p>Der ideale Einstieg f\u00fcr alle, die mindestens 16 Jahre alt sind und sich das erste Mal mit dem Paddeln befassen. Der Kurs ist aber auch f\u00fcr diejenigen geeignet, die schon etwas Paddelerfahrung mitbringen und diese ausbauen wollen. Wichtig ist lediglich eine gute k\u00f6rperliche Grundfitness, um mit Spa\u00df und Erfolg dabei sein zu k\u00f6nnen .Dem K\u00f6nnen angepasst lernen die Teilnehmer vom Einstieg bis zur sicheren Bootsbeherrschung alles, was das \u201e1\u00d71\u201c des Kanufahrens\u00a0 ist.<\/p>\n<p><strong>Dieser Kurs findet zweimal im Jahr statt und umfasst jeweils 2 Abende (Montag und Donnerstagabend) sowie 2 ganze Tage (Samstag + Sonntag).<\/strong><\/p>\n<p>Preise: \u00a0(inklusive Leihausr\u00fcstung, falls erforderlich)\u00a0 \u00a0 \u00a0 \u00a0 \u00a0 \u00a0 \u00a0 \u00a0 \u00a0 \u00a0 \u00a0 \u00a0 \u00a0 \u00a0 \u00a0 \u00a0 \u00a0 \u00a0 \u00a0 \u00a0 \u00a0 \u00a0 \u00a0 \u00a0 \u00a0 \u00a0 \u00a0 \u00a0 \u00a0 \u00a0 \u00a0 \u00a0 \u00a0 \u00a0 \u00a0 \u00a0 \u00a0 \u00a0 \u00a0 \u00a0 \u00a0 \u00a0 \u00a0 \u00a0 \u00a0 Erwachsene:\u00a0 Nicht-Mitglieder 149 Euro \/ Mitglieder 70 Euro pro Kurs\u00a0 \u00a0 \u00a0 \u00a0 \u00a0 \u00a0 \u00a0 \u00a0 \u00a0 \u00a0 \u00a0 \u00a0 \u00a0 \u00a0 \u00a0 \u00a0 \u00a0 \u00a0 \u00a0 \u00a0 \u00a0 \u00a0 Sch\u00fcler\/Studenten: Nicht-Mitglieder 99 Euro \/ Mitglieder 50 Euro pro Kurs<\/p>\n<p>Fortgeschrittenenkurs (F \u2013 Kurs f\u00fcr Erwachsene)<\/p>\n<p>Der ideale Kurs f\u00fcr alle, die ihr Kajak bereits sicher im Griff haben. In Kleingruppen wird individuell auf dem vorhandenen K\u00f6nnen aufgebaut. Die Einheit \u201eSicherheit, Retten und Bergen\u201c ist selbstverst\u00e4ndlich st\u00e4ndiger Begleiter des Kurses. Neben dem Paddeln geh\u00f6rt auch das gem\u00fctliche Campingleben zum festen Bestandteil des Kurses. <strong>Dieser Kurs wird einmal im Jahr angeboten und baut auf den A-Kurs auf. Er erstreckt sich \u00fcber ein komplettes Wochenende mit \u00dcbernachtung.<\/strong><\/p>\n<p><span style=\"color: #000000;\">Preise: (inklusive Leihausr\u00fcstung, wenn erforderlich)<\/span><strong><span style=\"color: #0000ff;\">\u00a0 \u00a0 \u00a0 \u00a0 \u00a0 \u00a0 \u00a0 \u00a0 \u00a0 \u00a0 \u00a0 \u00a0 \u00a0 \u00a0 \u00a0 \u00a0 \u00a0 \u00a0 \u00a0 \u00a0 \u00a0 \u00a0 \u00a0 \u00a0 \u00a0 \u00a0 \u00a0 \u00a0 \u00a0 \u00a0 \u00a0 \u00a0 \u00a0 \u00a0 \u00a0 \u00a0 \u00a0 \u00a0 \u00a0 \u00a0 \u00a0 \u00a0 \u00a0 \u00a0 <\/span><\/strong>Erwachsene: Nicht-Mitglieder 179 Euro \/ Mitglieder 90 Euro pro Kurs\u00a0 \u00a0 \u00a0 \u00a0 \u00a0 \u00a0 \u00a0 \u00a0 \u00a0 \u00a0 \u00a0 \u00a0 \u00a0 \u00a0 \u00a0 Sch\u00fcler\/Studenten: Nicht-Mitglieder 119 Euro \/ Mitglieder 65 Euro pro Kurs<\/p>\n","protected":false},"excerpt":{"rendered":"<p>Anf\u00e4ngerkurs (A \u2013 Kurs f\u00fcr Erwachsene) Der ideale Einstieg f\u00fcr alle, die mindestens 16 Jahre alt sind und sich das erste Mal mit dem Paddeln befassen. Der Kurs ist aber auch f\u00fcr diejenigen geeignet, die schon etwas Paddelerfahrung mitbringen und diese ausbauen wollen. Wichtig ist lediglich eine gute k\u00f6rperliche Grundfitness, &#8230;<\/p>\n","protected":false},"author":4,"featured_media":0,"parent":47,"menu_order":0,"comment_status":"closed","ping_status":"closed","template":"","meta":{"_price":"","_stock":"","_tribe_ticket_header":"","_tribe_default_ticket_provider":"","_tribe_ticket_capacity":"0","_ticket_start_date":"","_ticket_end_date":"","_tribe_ticket_show_description":"","_tribe_ticket_show_not_going":false,"_tribe_ticket_use_global_stock":"","_tribe_ticket_global_stock_level":"","_global_stock_mode":"","_global_stock_cap":"","_tribe_rsvp_for_event":"","_tribe_ticket_going_count":"","_tribe_ticket_not_going_count":"","_tribe_tickets_list":"[]","_tribe_ticket_has_attendee_info_fields":false,"jetpack_post_was_ever_published":false,"footnotes":"","_tec_slr_enabled":"","_tec_slr_layout":""},"class_list":["post-58","page","type-page","status-publish","hentry"],"jetpack_shortlink":"https:\/\/wp.me\/P730p1-W","jetpack_sharing_enabled":true,"ticketed":false,"_links":{"self":[{"href":"https:\/\/www.kg-stuttgart.de\/index.php?rest_route=\/wp\/v2\/pages\/58","targetHints":{"allow":["GET"]}}],"collection":[{"href":"https:\/\/www.kg-stuttgart.de\/index.php?rest_route=\/wp\/v2\/pages"}],"about":[{"href":"https:\/\/www.kg-stuttgart.de\/index.php?rest_route=\/wp\/v2\/types\/page"}],"author":[{"embeddable":true,"href":"https:\/\/www.kg-stuttgart.de\/index.php?rest_route=\/wp\/v2\/users\/4"}],"replies":[{"embeddable":true,"href":"https:\/\/www.kg-stuttgart.de\/index.php?rest_route=%2Fwp%2Fv2%2Fcomments&post=58"}],"version-history":[{"count":78,"href":"https:\/\/www.kg-stuttgart.de\/index.php?rest_route=\/wp\/v2\/pages\/58\/revisions"}],"predecessor-version":[{"id":4687,"href":"https:\/\/www.kg-stuttgart.de\/index.php?rest_route=\/wp\/v2\/pages\/58\/revisions\/4687"}],"up":[{"embeddable":true,"href":"https:\/\/www.kg-stuttgart.de\/index.php?rest_route=\/wp\/v2\/pages\/47"}],"wp:attachment":[{"href":"https:\/\/www.kg-stuttgart.de\/index.php?rest_route=%2Fwp%2Fv2%2Fmedia&parent=58"}],"curies":[{"name":"wp","href":"https:\/\/api.w.org\/{rel}","templated":true}]}}